{"id":29,"date":"2015-10-03T10:00:59","date_gmt":"2015-10-03T10:00:59","guid":{"rendered":"http:\/\/keilhacker.net\/alpen\/?page_id=29"},"modified":"2021-07-04T16:32:02","modified_gmt":"2021-07-04T16:32:02","slug":"kontakt","status":"publish","type":"page","link":"https:\/\/hautarzt-allmendinger.de\/?page_id=29","title":{"rendered":"Kontakt"},"content":{"rendered":"<p>Impressum:<\/p>\n<p>Hautarztpraxis Allmendinger<\/p>\n<p>Dres. med. Simone und Michael Allmendinger<\/p>\n<p>Ab 1.4.2021: Ebershaldenstr. 7<br \/>\n73728 Esslingen<\/p>\n<p>TEL. 0711\/35 60 84<\/p>\n<p><span style=\"font-family: Arial, sans-serif;\">Fax: 0711-354552<\/span><\/p>\n<p>Bitte beachten Sie, dass wir keine Termine per E-Mail oder Fax vergeben k\u00f6nnen.<br \/>\nVielen Dank f\u00fcr Ihr Verst\u00e4ndnis.<\/p>\n<p>Bitte beachten Sie auch unsere jeweiligen Fortbildungs- und Urlaubszeiten unter dem Feld Aktuelles. An diesen Tagen\u00a0bleibt die Praxis geschlossen.<\/p>\n<h4>Berufsrechtliche Angaben:<\/h4>\n<p>Dr. med. Simone Allmendinger<\/p>\n<p>Approbation verliehen durch das Land Bayern, Bundesrepublik Deutschland<\/p>\n<p>Dr. med. Michael Allmendinger<\/p>\n<p>Approbation verliehen im Bundesland Baden W\u00fcrttemberg, Bundesrepublik Deutschland<\/p>\n<p>Kammerzugeh\u00f6rigkeit:<\/p>\n<ul>\n<li>Landes\u00e4rztekammer Baden-W\u00fcrttemberg, Jahnstr. 40, 70597 Stuttgart<\/li>\n<\/ul>\n<p>Zust\u00e4ndige Aufsichtsbeh\u00f6rde f\u00fcr vertrags\u00e4rztliche T\u00e4tigkeiten:<\/p>\n<ul>\n<li>Kassen\u00e4rztliche Vereinigung Baden-W\u00fcrttemberg, Albstadtweg 11, 70567\u00a0Stuttgart<\/li>\n<\/ul>\n<p>Geltendes Berufsrecht:<\/p>\n<ul>\n<li>Berufsordnung f\u00fcr \u00c4rzte in Baden-W\u00fcrttemberg<\/li>\n<li>Heilberufe-Kammergesetz<\/li>\n<li>Geb\u00fchrenordnung f\u00fcr \u00c4rzte<\/li>\n<\/ul>\n<p>Berufshaftpflichtversicherung:<\/p>\n<ul>\n<li>Deutsche \u00c4rzteversicherung, B\u00f6rsenplatz1, 50667 K\u00f6ln<\/li>\n<\/ul>\n<p>Umsatzsteuer-Identifikationsnummer:<\/p>\n<p>DE327206674<\/p>\n<p><strong>Haftung f\u00fcr Inhalte<\/strong><\/p>\n<p>Als Diensteanbieter sind wir gem\u00e4\u00df \u00a7 7 Abs.1 TMG f\u00fcr<br \/>\neigene Inhalte auf diesen Seiten nach den allgemeinen Gesetzen verantwortlich.<br \/>\nNach \u00a7\u00a7 8 bis 10 TMG sind wir als Diensteanbieter jedoch nicht<br \/>\nverpflichtet, \u00fcbermittelte oder gespeicherte fremde Informationen zu<br \/>\n\u00fcberwachen oder nach Umst\u00e4nden zu forschen, die auf eine rechtswidrige<br \/>\nT\u00e4tigkeit hinweisen. Verpflichtungen zur Entfernung oder Sperrung der<br \/>\nNutzung von Informationen nach den allgemeinen Gesetzen bleiben hiervon<br \/>\nunber\u00fchrt. Eine diesbez\u00fcgliche Haftung ist jedoch erst ab dem<br \/>\nZeitpunkt der Kenntnis einer konkreten Rechtsverletzung m\u00f6glich. Bei<br \/>\nBekanntwerden von entsprechenden Rechtsverletzungen werden wir diese Inhalte umgehend entfernen.<\/p>\n<p><strong>Haftung f\u00fcr Links<\/strong><\/p>\n<p>Unser Angebot enth\u00e4lt Links zu externen Webseiten Dritter, auf deren<br \/>\nInhalte wir keinen Einfluss haben. Deshalb k\u00f6nnen wir f\u00fcr diese<br \/>\nfremden Inhalte auch keine Gew\u00e4hr \u00fcbernehmen. F\u00fcr die Inhalte<br \/>\nder verlinkten Seiten ist stets der jeweilige Anbieter oder Betreiber der<br \/>\nSeiten verantwortlich. Die verlinkten Seiten wurden zum Zeitpunkt der Verlinkung<br \/>\nauf m\u00f6gliche Rechtsverst\u00f6\u00dfe \u00fcberpr\u00fcft. Rechtswidrige<br \/>\nInhalte waren zum Zeitpunkt der Verlinkung nicht erkennbar. Eine permanente<br \/>\ninhaltliche Kontrolle der verlinkten Seiten ist jedoch ohne konkrete Anhaltspunkte<br \/>\neiner Rechtsverletzung nicht zumutbar. Bei Bekanntwerden von Rechtsverletzungen<br \/>\nwerden wir derartige Links umgehend entfernen.<\/p>\n<p><strong>Urheberrecht<\/strong><\/p>\n<p>Die durch die Seitenbetreiber erstellten Inhalte und Werke auf diesen Seiten<br \/>\nunterliegen dem deutschen Urheberrecht. Die Vervielf\u00e4ltigung, Bearbeitung, Verbreitung und<br \/>\njede Art der Verwertung au\u00dferhalb der Grenzen des Urheberrechtes bed\u00fcrfen<br \/>\nder schriftlichen Zustimmung des jeweiligen Autors bzw. Erstellers. Downloads<br \/>\nund Kopien dieser Seite sind nur f\u00fcr den privaten, nicht kommerziellen<br \/>\nGebrauch gestattet. Soweit die Inhalte auf dieser Seite nicht vom Betreiber erstellt wurden,<br \/>\nwerden die Urheberrechte Dritter beachtet. Insbesondere werden Inhalte Dritter als solche<br \/>\ngekennzeichnet. Sollten Sie trotzdem auf eine Urheberrechtsverletzung <span style=\"color: #000000;\">aufmerksam<\/span> werden, bitten wir um einen entsprechenden Hinweis.<br \/>\nBei Bekanntwerden von Rechtsverletzungen werden wir derartige Inhalte umgehend entfernen.<\/p>\n<p><i>Quelle: <a href=\"http:\/\/www.e-recht24.de\/muster-disclaimer.html\" target=\"_blank\" rel=\"nofollow noopener noreferrer\">eRecht24<\/a><\/i><\/p>\n<h4 align=\"LEFT\"><span style=\"font-family: Arial, sans-serif;\"><span style=\"font-size: small;\">Datenschutzerkl\u00e4rung <\/span><\/span><\/h4>\n<p align=\"LEFT\"><span style=\"font-family: Arial, sans-serif;\"><span style=\"font-size: small;\">nach den Vorgaben der Datenschutzgrundverordnung (DSGVO)<\/span><\/span><\/p>\n<h2 class=\"western\" align=\"LEFT\"><span style=\"font-family: Arial, sans-serif;\"><span style=\"font-size: small;\">I Name und Anschrift des Verantwortlichen<\/span><\/span><\/h2>\n<p align=\"LEFT\"><span style=\"font-family: Arial, sans-serif;\"><span style=\"font-size: small;\">Der Verantwortliche im Sinne der Datenschutz-Grundverordnung und anderer nationaler Datenschutzgesetze der Mitgliedsstaaten sowie sonstiger datenschutzrechtlicher Bestimmungen ist:<\/span><\/span><\/p>\n<p align=\"LEFT\"><span style=\"font-family: Arial, sans-serif;\"><span style=\"font-size: small;\">Dres. Simone und Michael Allmendinger<\/span><\/span><\/p>\n<p align=\"LEFT\"><span style=\"font-family: Arial, sans-serif;\"><span style=\"font-size: small;\">Ebershaldenstr.7<br \/>\n<\/span><\/span><\/p>\n<p align=\"LEFT\"><span style=\"font-family: Arial, sans-serif;\"><span style=\"font-size: small;\">73728 Esslingen am Neckar<\/span><\/span><\/p>\n<p align=\"LEFT\"><span style=\"font-family: Arial, sans-serif;\"><span style=\"font-size: small;\">Tel. 0711-356084<\/span><\/span><\/p>\n<p align=\"LEFT\"><span style=\"font-family: Arial, sans-serif;\"><span style=\"font-size: small;\">Fax 0711-354552<\/span><\/span><\/p>\n<p align=\"LEFT\"><span style=\"font-family: Arial, sans-serif;\"><span style=\"font-size: small;\">E-Mail: <a href=\"mailto:hautarzt-allmendinger@gmx.de\"><u><span style=\"color: #0066cc;\">hautarzt-allmendinger@gmx.de<\/span><\/u><\/a> (Bitte beachten Sie, dass \u00fcber diese E-Mail-Adresse weder Termine vergeben werden noch medizinische Fragen beantwortet werden)<\/span><\/span><\/p>\n<h2 class=\"western\" align=\"LEFT\"><span style=\"font-family: Arial, sans-serif;\"><span style=\"font-size: small;\">II Allgemeines zur Datenverarbeitung<\/span><\/span><\/h2>\n<h3 class=\"western\" align=\"LEFT\"><span style=\"font-family: Arial, sans-serif;\"><span style=\"font-size: small;\">Umfang der Verarbeitung personenbezogener Daten<\/span><\/span><\/h3>\n<p align=\"LEFT\"><span style=\"font-family: Arial, sans-serif;\"><span style=\"font-size: small;\">Wir erheben und verwenden personenbezogene Daten unserer Nutzer grunds\u00e4tzlich nur, soweit dies zur Bereitstellung einer funktionsf\u00e4higen Website sowie unserer Inhalte und Leistungen erforderlich ist. Die Erhebung und Verwendung personenbezogener Daten unserer Nutzer erfolgt regelm\u00e4\u00dfig nur nach Einwilligung des Nutzers. Eine Ausnahme gilt in solchen F\u00e4llen, in denen eine vorherige Einholung einer Einwilligung aus tats\u00e4chlichen Gr\u00fcnden nicht m\u00f6glich ist und die Verarbeitung der Daten durch gesetzliche Vorschriften gestattet ist. <\/span><\/span><\/p>\n<h5><b>Technische Daten<\/b><br \/>\nWenn Sie unsere Website aufrufen, werden allgemeine Daten und Informationen in den Logfiles des Servers gespeichert. Erfasst werden dabei unter Umst\u00e4nden der von Ihnen verwendete Browsertyp und seine Version, das von Ihnen verwendete Betriebssystem, die Internetseite, von der aus Sie unsere Website aufgerufen haben, das Datum und die Uhrzeit eines Zugriffs auf unsere Website, Ihre zum Zeitpunkt des Zugriffs verwendete Internet-Protokoll-Adresse (IP-Adresse) und Ihr Internet-Service-Provider.<br \/>\nDie Erhebung der Daten ist technisch notwendig, um von Ihnen angeforderte Inhalte von Webseiten korrekt auszuliefern und fallen bei Nutzung des Internets zwingend an. Die Daten der Server-Logfiles werden getrennt von allen anderen durch eine betroffene Person wom\u00f6glich an anderer Stelle eingegebenen personenbezogenen Daten gespeichert. Bei der Nutzung dieser allgemeinen Daten und Informationen ziehen wir keine R\u00fcckschl\u00fcsse auf die betroffene Person.<br \/>\nDie Verarbeitung erfolgt auf der Grundlage von Art. 6 Abs. 1 lit. f DSGVO. Das berechtigte Interesse ergibt sich daraus, dass Sie ohne die vor\u00fcbergehende Speicherung der Daten unsere Website gar nicht aufrufen k\u00f6nnten.<br \/>\nDie zuvor beschriebenen technischen Daten werden nach drei Tagen gel\u00f6scht. Etwas anderes gilt nur dann, wenn wir Sie in der vorliegenden Datenschutzerkl\u00e4rung dar\u00fcber aufkl\u00e4ren, dass die Daten wom\u00f6glich f\u00fcr andere Zwecke (etwa f\u00fcr eine Analyse) noch ben\u00f6tigt werden.<\/h5>\n<h5>Die Bereitstellung dieser technischen Daten ist weder gesetzlich noch vertraglich vorgeschrieben oder f\u00fcr einen Vertragsabschluss erforderlich. Sie sind nicht verpflichtet, die personenbezogenen Daten bereitzustellen. Wenn Ihr System die erforderlichen Informationen nicht oder nicht vollst\u00e4ndig zur Verf\u00fcgung stellt, kann das dazu f\u00fchren, dass unsere Website nicht oder nicht vollst\u00e4ndig aufgerufen werden kann.<\/h5>\n<h5>Nutzung von Cookies<br \/>\nCookies sind Textdateien, die im Rahmen Ihres Besuchs auf Internetseiten von Webservern an Ihren Browser gesandt und von diesem auf Ihrem Rechner f\u00fcr einen sp\u00e4teren Abruf vorgehalten werden. Ihr Name wird dabei nicht \u00fcbermittelt.<br \/>\nOb wir Cookies einsetzen k\u00f6nnen, k\u00f6nnen Sie durch die Einstellungen in Ihrem Browser selbst bestimmen. Sie k\u00f6nnen in Ihrem Browser das Speichern von Cookies vollst\u00e4ndig deaktivieren, es auf bestimmte Websites beschr\u00e4nken oder Ihren Browser so konfigurieren, dass er Sie automatisch benachrichtigt, sobald ein Cookie gesetzt werden soll.<br \/>\nCookies dienen dazu, das Besuchsverhalten des Nutzers einer Website nachvollziehen zu k\u00f6nnen. Bei der Verwendung von Cookies werden unter Umst\u00e4nden Daten verarbeitet, die den Nutzer erkennbar machen, auch wenn die Daten pseudonymisiert werden.<br \/>\nDie Verarbeitung erfolgt auf der Grundlage von Art. 6 Abs. 1 lit. f DSGVO.<br \/>\nSoweit Cookies von uns eingesetzt werden, werden sie beim Beenden der Browsersitzung automatisch oder nach einer fest vorgegebenen Zeit gel\u00f6scht. Detaillierte Informationen zu den von uns eingesetzten Cookies k\u00f6nnen Sie Ihrem Browser entnehmen. Cookies lassen sich zudem \u00fcber eine von Ihrem Browser bereitgestellte L\u00f6schfunktion von Ihrem System manuell entfernen.<br \/>\nDer Einsatz von Cookies ist weder gesetzlich noch vertraglich vorgeschrieben und f\u00fcr einen Vertragsabschluss auch nicht erforderlich. Sie sind nicht verpflichtet ist, die personenbezogenen Daten bereitzustellen. Wenn Sie allerdings den Einsatz von Cookies nicht zulassen, kann das dazu f\u00fchren, dass einige Funktionen der Website nicht oder nicht richtig funktionieren und\/oder bestimmte Inhalte nicht oder nicht richtig angezeigt werden<\/h5>\n<h5><b><u>Google Analytics<\/u><\/b><br \/>\nDie technischen Daten, die Sie beim Aufruf unserer Website automatisch \u00fcbermitteln, darunter auch die IP-Adresse, verwenden wir, um anonymisierte Statistiken zu erstellen, die uns Aufschluss dar\u00fcber geben, wie unsere Website genutzt wird. Ihre IP-Adresse wird dabei gek\u00fcrzt und auf diese Weise anonymisiert, wenn Sie auf unsere Internetseiten aus einem Mitgliedstaat der Europ\u00e4ischen Union oder aus einem anderen Vertragsstaat des Europ\u00e4ischen Wirtschaftsraums zugreifen.<br \/>\nWir nutzen den Dienst \u00bbGoogle Analytics\u00ab, der von der Google Inc. (<a href=\"https:\/\/maps.google.com\/?q=1600+Amphitheatre+Parkway+Mountain+View,+CA+94043,+USA&amp;entry=gmail&amp;source=g\"><u><span style=\"color: #0000ff;\">1600 Amphitheatre Parkway Mountain View, CA 94043, USA<\/span><\/u><\/a>) angeboten wird, zur Analyse der Websitebenutzung durch Nutzer. Der Dienst verwendet \u00bbCookies\u00ab \u2013 also Textdateien, die auf Ihrem Endger\u00e4t gespeichert werden. Die durch die Cookies gesammelten Informationen werden im Regelfall an einen Google-Server in den USA gesandt und dort gespeichert.<br \/>\nDie IP-Adresse der Nutzer wird innerhalb der Mitgliedsstaaten der EU und des Europ\u00e4ischen Wirtschaftsraums allerdings gek\u00fcrzt. Durch diese K\u00fcrzung entf\u00e4llt der Personenbezug Ihrer IP-Adresse. Im Rahmen der Vereinbarung zur Auftragsdatenvereinbarung, die wir mit der Google Inc. geschlossen haben, erstellt diese mithilfe der gesammelten Informationen eine Auswertung der Websitenutzung und der Websiteaktivit\u00e4t und erbringt mit der Internetnutzung verbundene Dienstleistungen.<br \/>\nSie haben die M\u00f6glichkeit, die Speicherung des Cookies auf Ihrem Ger\u00e4t zu verhindern, indem Sie in Ihrem Browser entsprechende Einstellungen vornehmen. Es ist nicht gew\u00e4hrleistet, dass Sie auf alle Funktionen dieser Website ohne Einschr\u00e4nkungen zugreifen k\u00f6nnen, wenn Ihr Browser keine Cookies zul\u00e4sst.<br \/>\nZudem k\u00f6nnen Sie durch ein Browser-Plugin verhindern, dass die durch Cookies gesammelten Informationen (inklusive Ihrer IP-Adresse) an die Google Inc. gesendet und von der Google Inc. genutzt werden. Dieser Link f\u00fchrt Sie zu dem entsprechenden Plugin. Unter diesem Link finden Sie weitere Informationen zur Datennutzung durch die Google Inc.<br \/>\nDie Verarbeitung erfolgt auf der Grundlage von Art. 6 Abs. 1 lit. f DSGVO. Wir haben ein berechtigtes Interesse daran, den Nutzungsumfang unserer Angebote im Internet abzusch\u00e4tzen.<br \/>\nDie Daten werden von uns gel\u00f6scht, sobald sie f\u00fcr statistische Zwecke nicht mehr ben\u00f6tigt werden, sp\u00e4testens aber nach einem Monat.<br \/>\nDie Bereitstellung Ihrer Daten f\u00fcr Google Analytics ist weder gesetzlich noch vertraglich vorgeschrieben und f\u00fcr einen Vertragsabschluss auch nicht erforderlich. Wenn Sie einer Verarbeitung widersprechen, hat das f\u00fcr Sie keinerlei Konsequenzen.<\/h5>\n<h3 class=\"western\" align=\"LEFT\"><span style=\"font-family: Arial, sans-serif;\"><span style=\"font-size: small;\">Rechtsgrundlage f\u00fcr die Verarbeitung personenbezogener Daten<\/span><\/span><\/h3>\n<p align=\"LEFT\"><span style=\"font-family: Arial, sans-serif;\"><span style=\"font-size: small;\">Soweit wir f\u00fcr Verarbeitungsvorg\u00e4nge personenbezogener Daten eine Einwilligung der betroffenen Person einholen, dient Art.\u00a06 Abs.\u00a01 lit.\u00a0a EU-Datenschutzgrundverordnung (DSGVO) als Rechtsgrundlage.<\/span><\/span><\/p>\n<p align=\"LEFT\"><span style=\"font-family: Arial, sans-serif;\"><span style=\"font-size: small;\">Bei der Verarbeitung von personenbezogenen Daten, die zur Erf\u00fcllung eines Vertrages, dessen Vertragspartei die betroffene Person ist, erforderlich ist, dient Art.\u00a06 Abs.\u00a01 lit.\u00a0b DSGVO als Rechtsgrundlage. Dies gilt auch f\u00fcr Verarbeitungsvorg\u00e4nge, die zur Durchf\u00fchrung vorvertraglicher Ma\u00dfnahmen erforderlich sind.<\/span><\/span><\/p>\n<p align=\"LEFT\"><span style=\"font-family: Arial, sans-serif;\"><span style=\"font-size: small;\">Soweit eine Verarbeitung personenbezogener Daten zur Erf\u00fcllung einer rechtlichen Verpflichtung erforderlich ist, der unser Unternehmen unterliegt, dient Art.\u00a06 Abs.\u00a01 lit.\u00a0c DSGVO als Rechtsgrundlage.<\/span><\/span><\/p>\n<p align=\"LEFT\"><span style=\"font-family: Arial, sans-serif;\"><span style=\"font-size: small;\">F\u00fcr den Fall, dass lebenswichtige Interessen der betroffenen Person oder einer anderen nat\u00fcrlichen Person eine Verarbeitung personenbezogener Daten erforderlich machen, dient Art.\u00a06 Abs.\u00a01 lit.\u00a0d DSGVO als Rechtsgrundlage.<\/span><\/span><\/p>\n<p align=\"LEFT\"><span style=\"font-family: Arial, sans-serif;\"><span style=\"font-size: small;\">Ist die Verarbeitung zur Wahrung eines berechtigten Interesses unseres Unternehmens oder eines Dritten erforderlich und \u00fcberwiegen die Interessen, Grundrechte und Grundfreiheiten des Betroffenen das erstgenannte Interesse nicht, so dient Art.\u00a06 Abs.\u00a01 lit.\u00a0f DSGVO als Rechtsgrundlage f\u00fcr die Verarbeitung. <\/span><\/span><\/p>\n<h3 class=\"western\" align=\"LEFT\"><span style=\"font-family: Arial, sans-serif;\"><span style=\"font-size: small;\">Datenl\u00f6schung und Speicherdauer<\/span><\/span><\/h3>\n<p align=\"LEFT\"><span style=\"font-family: Arial, sans-serif;\"><span style=\"font-size: small;\">Die Nutzung unserer Website ist in der Regel ohne Angabe personenbezogener Daten m\u00f6glich.<\/span><\/span><\/p>\n<p align=\"LEFT\"><span style=\"font-family: Arial, sans-serif;\"><span style=\"font-size: small;\">Soweit auf unseren Seiten personenbezogene Daten (z.B. Name, Anschrift, E-Mail-Adresse) erhoben und verarbeitet werden, erfolgt dies nur dann, wenn Sie als Besucher\/in diese Daten ausdr\u00fccklich und wissentlich zur Verf\u00fcgung gestellt haben.<\/span><\/span><\/p>\n<p align=\"LEFT\"><span style=\"font-family: Arial, sans-serif;\"><span style=\"font-size: small;\">Die Daten werden nur f\u00fcr den angegebenen und erforderlichen Zweck verwendet und nicht an Dritte weiter gegeben. <\/span><\/span><\/p>\n<p align=\"LEFT\"><span style=\"font-family: Arial, sans-serif;\"><span style=\"font-size: small;\">Im Rahmen der E-Mailkommunikation bitten wir Sie zu beachten, dass die \u00dcbertragung Ihrer Daten unverschl\u00fcsselt erfolgt. <\/span><\/span><\/p>\n<p align=\"LEFT\"><span style=\"font-family: Arial, sans-serif;\"><span style=\"font-size: small;\">Sie sollten deshalb darauf achten, dass Sie insbesondere keine Gesundheitsdaten hier\u00fcber verschicken.<\/span><\/span><\/p>\n<p align=\"LEFT\"><span style=\"font-family: Arial, sans-serif;\"><span style=\"font-size: small;\">Die Vertraulichkeit der Daten kann von uns \u00fcber das Internet nicht in hinreichender Form gew\u00e4hrleistet werden.<br \/>\nSie erhalten auf Anfrage gerne Auskunft \u00fcber die von Ihnen uns zur Verf\u00fcgung gestellten und gespeicherten personenbezogenen Daten, sowie deren Zweck der Speicherung. Sie k\u00f6nnen der Nutzung der von Ihnen zur Verf\u00fcgung gestellten bzw. von uns gespeicherten personenbezogenen Daten f\u00fcr die Zukunft jederzeit und ohne Angabe von Gr\u00fcnden widersprechen oder deren Berichtigung, L\u00f6schung oder Sperrung verlangen.<\/span><\/span><\/p>\n<p align=\"LEFT\"><span style=\"font-family: Arial, sans-serif;\"><span style=\"font-size: small;\">Die personenbezogenen Daten der betroffenen Person werden gel\u00f6scht oder gesperrt, sobald der Zweck der Speicherung entf\u00e4llt. Eine Speicherung kann dar\u00fcber hinaus erfolgen, wenn dies durch den europ\u00e4ischen oder nationalen Gesetzgeber in unionsrechtlichen Verordnungen, Gesetzen oder sonstigen Vorschriften, denen der Verantwortliche unterliegt, vorgesehen wurde. Eine Sperrung oder L\u00f6schung der Daten erfolgt auch dann, wenn eine durch die genannten Normen vorgeschriebene Speicherfrist abl\u00e4uft, es sei denn, dass eine Erforderlichkeit zur weiteren Speicherung der Daten f\u00fcr einen Vertragsabschluss oder eine Vertragserf\u00fcllung besteht.<\/span><\/span><\/p>\n<p align=\"LEFT\"><span style=\"color: #000000;\"><span style=\"font-family: Arial, sans-serif;\"><span style=\"font-size: small;\">Rechte der betroffenen Person<\/span><\/span><\/span><\/p>\n<p align=\"LEFT\"><span style=\"color: #000000;\"><span style=\"font-family: Arial, sans-serif;\"><span style=\"font-size: small;\">Werden personenbezogene Daten von Ihnen verarbeitet, sind Sie Betroffener i. S. d. DSGVO und es stehen Ihnen folgende Rechte gegen\u00fcber dem Verantwortlichen zu:<\/span><\/span><\/span><\/p>\n<p align=\"LEFT\"><span style=\"color: #000000;\"><span style=\"font-family: Arial, sans-serif;\"><span style=\"font-size: small;\">Auskunftsrecht<\/span><\/span><\/span><\/p>\n<p align=\"LEFT\"><span style=\"color: #000000;\"><span style=\"font-family: Arial, sans-serif;\"><span style=\"font-size: small;\">Sie k\u00f6nnen von dem Verantwortlichen eine Best\u00e4tigung dar\u00fcber verlangen, ob personenbezogene Daten, die Sie betreffen, von uns verarbeitet werden. <\/span><\/span><\/span><\/p>\n<p align=\"LEFT\"><span style=\"color: #000000;\"><span style=\"font-family: Arial, sans-serif;\"><span style=\"font-size: small;\">Liegt eine solche Verarbeitung vor, k\u00f6nnen Sie \u00fcber folgende Informationen Auskunft verlangen:<\/span><\/span><\/span><\/p>\n<p align=\"LEFT\"><span style=\"font-family: Arial, sans-serif;\"><span style=\"font-size: small;\"><span style=\"color: #000000;\">(1)<\/span><span style=\"color: #000000;\">\u00a0\u00a0\u00a0 <\/span><span style=\"color: #000000;\">die Zwecke, zu denen die personenbezogenen Daten verarbeitet werden;<\/span><\/span><\/span><\/p>\n<p align=\"LEFT\"><span style=\"font-family: Arial, sans-serif;\"><span style=\"font-size: small;\"><span style=\"color: #000000;\">(2)<\/span><span style=\"color: #000000;\">\u00a0\u00a0\u00a0 <\/span><span style=\"color: #000000;\">die Kategorien von personenbezogenen Daten, welche verarbeitet werden;<\/span><\/span><\/span><\/p>\n<p align=\"LEFT\"><span style=\"font-family: Arial, sans-serif;\"><span style=\"font-size: small;\"><span style=\"color: #000000;\"> (3)<\/span><span style=\"color: #000000;\">\u00a0\u00a0\u00a0 <\/span><span style=\"color: #000000;\">die Empf\u00e4nger bzw. die Kategorien von Empf\u00e4ngern, gegen\u00fcber denen die Sie betreffenden personenbezogenen Daten offengelegt wurden oder noch offengelegt werden;<\/span><\/span><\/span><\/p>\n<p align=\"LEFT\"><span style=\"font-family: Arial, sans-serif;\"><span style=\"font-size: small;\"><span style=\"color: #000000;\"> (4)<\/span><span style=\"color: #000000;\">\u00a0\u00a0\u00a0 <\/span><span style=\"color: #000000;\">die geplante Dauer der Speicherung der Sie betreffenden personenbezogenen Daten oder, falls konkrete Angaben hierzu nicht m\u00f6glich sind, Kriterien f\u00fcr die Festlegung der Speicherdauer;<\/span><\/span><\/span><\/p>\n<p align=\"LEFT\"><span style=\"font-family: Arial, sans-serif;\"><span style=\"font-size: small;\"><span style=\"color: #000000;\"> (5)<\/span><span style=\"color: #000000;\">\u00a0\u00a0\u00a0 <\/span><span style=\"color: #000000;\">das Bestehen eines Rechts auf Berichtigung oder L\u00f6schung der Sie betreffenden personenbezogenen Daten, eines Rechts auf Einschr\u00e4nkung der Verarbeitung durch den Verantwortlichen oder eines Widerspruchsrechts gegen diese Verarbeitung; <\/span><\/span><\/span><\/p>\n<p align=\"LEFT\"><span style=\"font-family: Arial, sans-serif;\"><span style=\"font-size: small;\"><span style=\"color: #000000;\">(6)<\/span><span style=\"color: #000000;\">\u00a0\u00a0\u00a0 <\/span><span style=\"color: #000000;\">das Bestehen eines Beschwerderechts bei einer Aufsichtsbeh\u00f6rde;<\/span><\/span><\/span><\/p>\n<p align=\"LEFT\"><span style=\"font-family: Arial, sans-serif;\"><span style=\"font-size: small;\"><span style=\"color: #000000;\"> (7)<\/span><span style=\"color: #000000;\">\u00a0\u00a0\u00a0 <\/span><span style=\"color: #000000;\">alle verf\u00fcgbaren Informationen \u00fcber die Herkunft der Daten, wenn die personenbezogenen Daten nicht bei der betroffenen Person erhoben werden;<\/span><\/span><\/span><\/p>\n<p align=\"LEFT\"><span style=\"font-family: Arial, sans-serif;\"><span style=\"font-size: small;\"><span style=\"color: #000000;\"> (8)<\/span><span style=\"color: #000000;\">\u00a0\u00a0\u00a0 <\/span><span style=\"color: #000000;\">das Bestehen einer automatisierten Entscheidungsfindung einschlie\u00dflich Profiling gem\u00e4\u00df Art.\u00a022 Abs.\u00a01 und 4 DSGVO und \u2013 zumindest in diesen F\u00e4llen \u2013 aussagekr\u00e4ftige Informationen \u00fcber die involvierte Logik sowie die Tragweite und die angestrebten Auswirkungen einer derartigen Verarbeitung f\u00fcr die betroffene Person.<\/span><\/span><\/span><\/p>\n<p align=\"LEFT\"><span style=\"color: #000000;\"><span style=\"font-family: Arial, sans-serif;\"><span style=\"font-size: small;\">Ihnen steht das Recht zu, Auskunft dar\u00fcber zu verlangen, ob die Sie betreffenden personenbezogenen Daten in ein Drittland oder an eine internationale Organisation \u00fcbermittelt werden. In diesem Zusammenhang k\u00f6nnen Sie verlangen, \u00fcber die geeigneten Garantien gem. Art.\u00a046 DSGVO im Zusammenhang mit der \u00dcbermittlung unterrichtet zu werden.<\/span><\/span><\/span><\/p>\n<p align=\"LEFT\"><span style=\"color: #000000;\"><span style=\"font-family: Arial, sans-serif;\"><span style=\"font-size: small;\">Recht auf Berichtigung <\/span><\/span><\/span><\/p>\n<p align=\"LEFT\"><span style=\"color: #000000;\"><span style=\"font-family: Arial, sans-serif;\"><span style=\"font-size: small;\">Sie haben ein Recht auf Berichtigung und\/oder Vervollst\u00e4ndigung gegen\u00fcber dem Verantwortlichen, sofern die verarbeiteten personenbezogenen Daten, die Sie betreffen, unrichtig oder unvollst\u00e4ndig sind. Der Verantwortliche hat die Berichtigung unverz\u00fcglich vorzunehmen.<\/span><\/span><\/span><\/p>\n<p align=\"LEFT\"><span style=\"color: #000000;\"><span style=\"font-family: Arial, sans-serif;\"><span style=\"font-size: small;\">Recht auf Einschr\u00e4nkung der Verarbeitung<\/span><\/span><\/span><\/p>\n<p align=\"LEFT\"><span style=\"color: #000000;\"><span style=\"font-family: Arial, sans-serif;\"><span style=\"font-size: small;\">Unter den folgenden Voraussetzungen k\u00f6nnen Sie die Einschr\u00e4nkung der Verarbeitung der Sie betreffenden personenbezogenen Daten verlangen:<\/span><\/span><\/span><\/p>\n<p align=\"LEFT\"><span style=\"font-family: Arial, sans-serif;\"><span style=\"font-size: small;\"><span style=\"color: #000000;\"> (1)<\/span><span style=\"color: #000000;\">\u00a0\u00a0\u00a0 <\/span><span style=\"color: #000000;\">wenn Sie die Richtigkeit der Sie betreffenden personenbezogenen f\u00fcr eine Dauer bestreiten, die es dem Verantwortlichen erm\u00f6glicht, die Richtigkeit der personenbezogenen Daten zu \u00fcberpr\u00fcfen;<\/span><\/span><\/span><\/p>\n<p align=\"LEFT\"><span style=\"font-family: Arial, sans-serif;\"><span style=\"font-size: small;\"><span style=\"color: #000000;\"> (2)<\/span><span style=\"color: #000000;\">\u00a0\u00a0\u00a0 <\/span><span style=\"color: #000000;\">die Verarbeitung unrechtm\u00e4\u00dfig ist und Sie die L\u00f6schung der personenbezogenen Daten ablehnen und stattdessen die Einschr\u00e4nkung der Nutzung der personenbezogenen Daten verlangen;<\/span><\/span><\/span><\/p>\n<p align=\"LEFT\"><span style=\"font-family: Arial, sans-serif;\"><span style=\"font-size: small;\"><span style=\"color: #000000;\"> (3)<\/span><span style=\"color: #000000;\">\u00a0\u00a0\u00a0 <\/span><span style=\"color: #000000;\">der Verantwortliche die personenbezogenen Daten f\u00fcr die Zwecke der Verarbeitung nicht l\u00e4nger ben\u00f6tigt, Sie diese jedoch zur Geltendmachung, Aus\u00fcbung oder Verteidigung von Rechtsanspr\u00fcchen ben\u00f6tigen, oder<\/span><\/span><\/span><\/p>\n<p align=\"LEFT\"><span style=\"font-family: Arial, sans-serif;\"><span style=\"font-size: small;\"><span style=\"color: #000000;\"> (4)<\/span><span style=\"color: #000000;\">\u00a0\u00a0\u00a0 <\/span><span style=\"color: #000000;\">wenn Sie Widerspruch gegen die Verarbeitung gem\u00e4\u00df Art.\u00a021 Abs.\u00a01 DSGVO eingelegt haben und noch nicht feststeht, ob die berechtigten Gr\u00fcnde des Verantwortlichen gegen\u00fcber Ihren Gr\u00fcnden \u00fcberwiegen.<\/span><\/span><\/span><\/p>\n<p align=\"LEFT\"><span style=\"color: #000000;\"><span style=\"font-family: Arial, sans-serif;\"><span style=\"font-size: small;\">Wurde die Verarbeitung der Sie betreffenden personenbezogenen Daten eingeschr\u00e4nkt, d\u00fcrfen diese Daten \u2013 von ihrer Speicherung abgesehen \u2013 nur mit Ihrer Einwilligung oder zur Geltendmachung, Aus\u00fcbung oder Verteidigung von Rechtsanspr\u00fcchen oder zum Schutz der Rechte einer anderen nat\u00fcrlichen oder juristischen Person oder aus Gr\u00fcnden eines wichtigen \u00f6ffentlichen Interesses der Union oder eines Mitgliedstaats verarbeitet werden.<\/span><\/span><\/span><\/p>\n<p align=\"LEFT\"><span style=\"color: #000000;\"><span style=\"font-family: Arial, sans-serif;\"><span style=\"font-size: small;\">Wurde die Einschr\u00e4nkung der Verarbeitung nach den o.g. Voraussetzungen eingeschr\u00e4nkt, werden Sie von dem Verantwortlichen unterrichtet bevor die Einschr\u00e4nkung aufgehoben wird.<\/span><\/span><\/span><\/p>\n<p align=\"LEFT\"><span style=\"color: #000000;\"><span style=\"font-family: Arial, sans-serif;\"><span style=\"font-size: small;\">Recht auf L\u00f6schung<\/span><\/span><\/span><\/p>\n<ol>\n<li>\n<p align=\"LEFT\"><span style=\"color: #000000;\"><span style=\"font-family: Arial, sans-serif;\"><span style=\"font-size: small;\">L\u00f6schungspflicht<\/span><\/span><\/span><\/p>\n<\/li>\n<\/ol>\n<p align=\"LEFT\"><span style=\"color: #000000;\"><span style=\"font-family: Arial, sans-serif;\"><span style=\"font-size: small;\">Sie k\u00f6nnen von dem Verantwortlichen verlangen, dass die Sie betreffenden personenbezogenen Daten unverz\u00fcglich gel\u00f6scht werden, und der Verantwortliche ist verpflichtet, diese Daten unverz\u00fcglich zu l\u00f6schen, sofern einer der folgenden Gr\u00fcnde zutrifft:<\/span><\/span><\/span><\/p>\n<p align=\"LEFT\"><span style=\"font-family: Arial, sans-serif;\"><span style=\"font-size: small;\"><span style=\"color: #000000;\"> (1)<\/span><span style=\"color: #000000;\">\u00a0\u00a0\u00a0 <\/span><span style=\"color: #000000;\">Die Sie betreffenden personenbezogenen Daten sind f\u00fcr die Zwecke, f\u00fcr die sie erhoben oder auf sonstige Weise verarbeitet wurden, nicht mehr notwendig.<\/span><\/span><\/span><\/p>\n<p align=\"LEFT\"><span style=\"font-family: Arial, sans-serif;\"><span style=\"font-size: small;\"><span style=\"color: #000000;\"> (2)<\/span><span style=\"color: #000000;\">\u00a0\u00a0\u00a0 <\/span><span style=\"color: #000000;\">Sie widerrufen Ihre Einwilligung, auf die sich die Verarbeitung gem. Art.\u00a06 Abs.\u00a01 lit.\u00a0a oder Art.\u00a09 Abs.\u00a02 lit.\u00a0a DSGVO st\u00fctzte, und es fehlt an einer anderweitigen Rechtsgrundlage f\u00fcr die Verarbeitung. <\/span><\/span><\/span><\/p>\n<p align=\"LEFT\"><span style=\"font-family: Arial, sans-serif;\"><span style=\"font-size: small;\"><span style=\"color: #000000;\"> (3)<\/span><span style=\"color: #000000;\">\u00a0\u00a0\u00a0 <\/span><span style=\"color: #000000;\">Sie legen gem. Art.\u00a021 Abs.\u00a01 DSGVO Widerspruch gegen die Verarbeitung ein und es liegen keine vorrangigen berechtigten Gr\u00fcnde f\u00fcr die Verarbeitung vor, oder Sie legen gem. Art.\u00a021 Abs.\u00a02 DSGVO Widerspruch gegen die Verarbeitung ein. <\/span><\/span><\/span><\/p>\n<p align=\"LEFT\"><span style=\"font-family: Arial, sans-serif;\"><span style=\"font-size: small;\"><span style=\"color: #000000;\">(4)<\/span><span style=\"color: #000000;\">\u00a0\u00a0\u00a0 <\/span><span style=\"color: #000000;\">Die Sie betreffenden personenbezogenen Daten wurden unrechtm\u00e4\u00dfig verarbeitet. <\/span><\/span><\/span><\/p>\n<p align=\"LEFT\"><span style=\"font-family: Arial, sans-serif;\"><span style=\"font-size: small;\"><span style=\"color: #000000;\"> (5)<\/span><span style=\"color: #000000;\">\u00a0\u00a0\u00a0 <\/span><span style=\"color: #000000;\">Die L\u00f6schung der Sie betreffenden personenbezogenen Daten ist zur Erf\u00fcllung einer rechtlichen Verpflichtung nach dem Unionsrecht oder dem Recht der Mitgliedstaaten erforderlich, dem der Verantwortliche unterliegt. <\/span><\/span><\/span><\/p>\n<p align=\"LEFT\"><span style=\"font-family: Arial, sans-serif;\"><span style=\"font-size: small;\"><span style=\"color: #000000;\"> (6)<\/span><span style=\"color: #000000;\">\u00a0\u00a0\u00a0 \u00a0\u00a0\u00a0 <\/span><span style=\"color: #000000;\">Die Sie betreffenden personenbezogenen Daten wurden in Bezug auf angebotene Dienste der Informationsgesellschaft gem\u00e4\u00df Art.\u00a08 Abs.\u00a01 DSGVO erhoben.<\/span><\/span><\/span><\/p>\n<ol start=\"2\">\n<li>\n<p align=\"LEFT\"><span style=\"color: #000000;\"><span style=\"font-family: Arial, sans-serif;\"><span style=\"font-size: small;\">Information an Dritte<\/span><\/span><\/span><\/p>\n<\/li>\n<\/ol>\n<p align=\"LEFT\"><span style=\"color: #000000;\"><span style=\"font-family: Arial, sans-serif;\"><span style=\"font-size: small;\">Hat der Verantwortliche die Sie betreffenden personenbezogenen Daten \u00f6ffentlich gemacht und ist er gem. Art.\u00a017 Abs.\u00a01 DSGVO zu deren L\u00f6schung verpflichtet, so trifft er unter Ber\u00fccksichtigung der verf\u00fcgbaren Technologie und der Implementierungskosten angemessene Ma\u00dfnahmen, auch technischer Art, um f\u00fcr die Datenverarbeitung Verantwortliche, die die personenbezogenen Daten verarbeiten, dar\u00fcber zu informieren, dass Sie als betroffene Person von ihnen die L\u00f6schung aller Links zu diesen personenbezogenen Daten oder von Kopien oder Replikationen dieser personenbezogenen Daten verlangt haben. <\/span><\/span><\/span><\/p>\n<ol start=\"3\">\n<li>\n<p align=\"LEFT\"><span style=\"color: #000000;\"><span style=\"font-family: Arial, sans-serif;\"><span style=\"font-size: small;\">Ausnahmen<\/span><\/span><\/span><\/p>\n<\/li>\n<\/ol>\n<p align=\"LEFT\"><span style=\"color: #000000;\"><span style=\"font-family: Arial, sans-serif;\"><span style=\"font-size: small;\">Das Recht auf L\u00f6schung besteht nicht, soweit die Verarbeitung erforderlich ist<\/span><\/span><\/span><\/p>\n<p align=\"LEFT\"><span style=\"font-family: Arial, sans-serif;\"><span style=\"font-size: small;\"><span style=\"color: #000000;\">(1)<\/span><span style=\"color: #000000;\">\u00a0\u00a0\u00a0 <\/span><span style=\"color: #000000;\">zur Aus\u00fcbung des Rechts auf freie Meinungs\u00e4u\u00dferung und Information;<\/span><\/span><\/span><\/p>\n<p align=\"LEFT\"><span style=\"font-family: Arial, sans-serif;\"><span style=\"font-size: small;\"><span style=\"color: #000000;\"> (2)<\/span><span style=\"color: #000000;\">\u00a0\u00a0\u00a0 <\/span><span style=\"color: #000000;\">zur Erf\u00fcllung einer rechtlichen Verpflichtung, die die Verarbeitung nach dem Recht der Union oder der Mitgliedstaaten, dem der Verantwortliche unterliegt, erfordert, oder zur Wahrnehmung einer Aufgabe, die im \u00f6ffentlichen Interesse liegt oder in Aus\u00fcbung \u00f6ffentlicher Gewalt erfolgt, die dem Verantwortlichen \u00fcbertragen wurde;<\/span><\/span><\/span><\/p>\n<p align=\"LEFT\"><span style=\"font-family: Arial, sans-serif;\"><span style=\"font-size: small;\"><span style=\"color: #000000;\"> (3)<\/span><span style=\"color: #000000;\">\u00a0\u00a0\u00a0 <\/span><span style=\"color: #000000;\">aus Gr\u00fcnden des \u00f6ffentlichen Interesses im Bereich der \u00f6ffentlichen Gesundheit gem\u00e4\u00df Art.\u00a09 Abs.\u00a02 lit.\u00a0h und i sowie Art.\u00a09 Abs.\u00a03 DSGVO;<\/span><\/span><\/span><\/p>\n<p align=\"LEFT\"><span style=\"font-family: Arial, sans-serif;\"><span style=\"font-size: small;\"><span style=\"color: #000000;\"> (4)<\/span><span style=\"color: #000000;\">\u00a0\u00a0\u00a0 <\/span><span style=\"color: #000000;\">f\u00fcr im \u00f6ffentlichen Interesse liegende Archivzwecke, wissenschaftliche oder historische Forschungszwecke oder f\u00fcr statistische Zwecke gem. Art.\u00a089 Abs.\u00a01 DSGVO, soweit das unter Abschnitt a) genannte Recht voraussichtlich die Verwirklichung der Ziele dieser Verarbeitung unm\u00f6glich macht oder ernsthaft beeintr\u00e4chtigt, oder<\/span><\/span><\/span><\/p>\n<p align=\"LEFT\"><span style=\"font-family: Arial, sans-serif;\"><span style=\"font-size: small;\"><span style=\"color: #000000;\">(5)<\/span><span style=\"color: #000000;\">\u00a0\u00a0\u00a0 <\/span><span style=\"color: #000000;\">zur Geltendmachung, Aus\u00fcbung oder Verteidigung von Rechtsanspr\u00fcchen.<\/span><\/span><\/span><\/p>\n<p align=\"LEFT\"><span style=\"font-family: Arial, sans-serif;\"><span style=\"font-size: small;\"><span style=\"color: #000000;\">Recht auf Unterrichtung<\/span><\/span><\/span><\/p>\n<p align=\"LEFT\"><span style=\"color: #000000;\"><span style=\"font-family: Arial, sans-serif;\"><span style=\"font-size: small;\">Haben Sie das Recht auf Berichtigung, L\u00f6schung oder Einschr\u00e4nkung der Verarbeitung gegen\u00fcber dem Verantwortlichen geltend gemacht, ist dieser verpflichtet, allen Empf\u00e4ngern, denen die Sie betreffenden personenbezogenen Daten offengelegt wurden, diese Berichtigung oder L\u00f6schung der Daten oder Einschr\u00e4nkung der Verarbeitung mitzuteilen, es sei denn, dies erweist sich als unm\u00f6glich oder ist mit einem unverh\u00e4ltnism\u00e4\u00dfigen Aufwand verbunden.<\/span><\/span><\/span><\/p>\n<p align=\"LEFT\"><span style=\"color: #000000;\"><span style=\"font-family: Arial, sans-serif;\"><span style=\"font-size: small;\">Ihnen steht gegen\u00fcber dem Verantwortlichen das Recht zu, \u00fcber diese Empf\u00e4nger unterrichtet zu werden.<\/span><\/span><\/span><\/p>\n<p align=\"LEFT\"><span style=\"color: #000000;\"><span style=\"font-family: Arial, sans-serif;\"><span style=\"font-size: small;\">Recht auf Daten\u00fcbertragbarkeit<\/span><\/span><\/span><\/p>\n<p align=\"LEFT\"><span style=\"color: #000000;\"><span style=\"font-family: Arial, sans-serif;\"><span style=\"font-size: small;\">Sie haben das Recht, die Sie betreffenden personenbezogenen Daten, die Sie dem Verantwortlichen bereitgestellt haben, in einem strukturierten, g\u00e4ngigen und maschinenlesbaren Format zu erhalten. Au\u00dferdem haben Sie das Recht, diese Daten einem anderen Verantwortlichen ohne Behinderung durch den Verantwortlichen, dem die personenbezogenen Daten bereitgestellt wurden, zu \u00fcbermitteln, sofern<\/span><\/span><\/span><\/p>\n<p align=\"LEFT\"><span style=\"font-family: Arial, sans-serif;\"><span style=\"font-size: small;\"><span style=\"color: #000000;\"> (1)<\/span><span style=\"color: #000000;\">\u00a0\u00a0\u00a0 <\/span><span style=\"color: #000000;\">die Verarbeitung auf einer Einwilligung gem. Art.\u00a06 Abs.\u00a01 lit.\u00a0a DSGVO oder Art.\u00a09 Abs.\u00a02 lit.\u00a0a DSGVO oder auf einem Vertrag gem. Art.\u00a06 Abs.\u00a01 lit.\u00a0b DSGVO beruht und<\/span><\/span><\/span><\/p>\n<p align=\"LEFT\"><span style=\"font-family: Arial, sans-serif;\"><span style=\"font-size: small;\"><span style=\"color: #000000;\">(2)<\/span><span style=\"color: #000000;\">\u00a0\u00a0\u00a0 <\/span><span style=\"color: #000000;\">die Verarbeitung mithilfe automatisierter Verfahren erfolgt.<\/span><\/span><\/span><\/p>\n<p align=\"LEFT\"><span style=\"color: #000000;\"><span style=\"font-family: Arial, sans-serif;\"><span style=\"font-size: small;\">In Aus\u00fcbung dieses Rechts haben Sie ferner das Recht, zu erwirken, dass die Sie betreffenden personenbezogenen Daten direkt von einem Verantwortlichen einem anderen Verantwortlichen \u00fcbermittelt werden, soweit dies technisch machbar ist. Freiheiten und Rechte anderer Personen d\u00fcrfen hierdurch nicht beeintr\u00e4chtigt werden.<\/span><\/span><\/span><\/p>\n<p align=\"LEFT\"><span style=\"color: #000000;\"><span style=\"font-family: Arial, sans-serif;\"><span style=\"font-size: small;\">Das Recht auf Daten\u00fcbertragbarkeit gilt nicht f\u00fcr eine Verarbeitung personenbezogener Daten, die f\u00fcr die Wahrnehmung einer Aufgabe erforderlich ist, die im \u00f6ffentlichen Interesse liegt oder in Aus\u00fcbung \u00f6ffentlicher Gewalt erfolgt, die dem Verantwortlichen \u00fcbertragen wurde.<\/span><\/span><\/span><\/p>\n<p align=\"LEFT\"><span style=\"color: #000000;\"><span style=\"font-family: Arial, sans-serif;\"><span style=\"font-size: small;\">Widerspruchsrecht<\/span><\/span><\/span><\/p>\n<p align=\"LEFT\"><span style=\"color: #000000;\"><span style=\"font-family: Arial, sans-serif;\"><span style=\"font-size: small;\">Sie haben das Recht, aus Gr\u00fcnden, die sich aus ihrer besonderen Situation ergeben, jederzeit gegen die Verarbeitung der Sie betreffenden personenbezogenen Daten, die aufgrund von Art.\u00a06 Abs.\u00a01 lit.\u00a0e oder f DSGVO erfolgt, Widerspruch einzulegen; dies gilt auch f\u00fcr ein auf diese Bestimmungen gest\u00fctztes Profiling. <\/span><\/span><\/span><\/p>\n<p align=\"LEFT\"><span style=\"color: #000000;\"><span style=\"font-family: Arial, sans-serif;\"><span style=\"font-size: small;\">Der Verantwortliche verarbeitet die Sie betreffenden personenbezogenen Daten nicht mehr, es sei denn, er kann zwingende schutzw\u00fcrdige Gr\u00fcnde f\u00fcr die Verarbeitung nachweisen, die Ihre Interessen, Rechte und Freiheiten \u00fcberwiegen, oder die Verarbeitung dient der Geltendmachung, Aus\u00fcbung oder Verteidigung von Rechtsanspr\u00fcchen.<\/span><\/span><\/span><\/p>\n<p align=\"LEFT\"><span style=\"color: #000000;\"><span style=\"font-family: Arial, sans-serif;\"><span style=\"font-size: small;\">Werden die Sie betreffenden personenbezogenen Daten verarbeitet, um Direktwerbung zu betreiben, haben Sie das Recht, jederzeit Widerspruch gegen die Verarbeitung der Sie betreffenden personenbezogenen Daten zum Zwecke derartiger Werbung einzulegen; dies gilt auch f\u00fcr das Profiling, soweit es mit solcher Direktwerbung in Verbindung steht.<\/span><\/span><\/span><\/p>\n<p align=\"LEFT\"><span style=\"color: #000000;\"><span style=\"font-family: Arial, sans-serif;\"><span style=\"font-size: small;\">Widersprechen Sie der Verarbeitung f\u00fcr Zwecke der Direktwerbung, so werden die Sie betreffenden personenbezogenen Daten nicht mehr f\u00fcr diese Zwecke verarbeitet.<\/span><\/span><\/span><\/p>\n<p align=\"LEFT\"><span style=\"color: #000000;\"><span style=\"font-family: Arial, sans-serif;\"><span style=\"font-size: small;\">Sie haben die M\u00f6glichkeit, im Zusammenhang mit der Nutzung von Diensten der Informationsgesellschaft \u2013 ungeachtet der Richtlinie 2002\/58\/EG \u2013 Ihr Widerspruchsrecht mittels automatisierter Verfahren auszu\u00fcben, bei denen technische Spezifikationen verwendet werden.<\/span><\/span><\/span><\/p>\n<p align=\"LEFT\"><span style=\"color: #000000;\"><span style=\"font-family: Arial, sans-serif;\"><span style=\"font-size: small;\">Recht auf Widerruf der datenschutzrechtlichen Einwilligungserkl\u00e4rung<\/span><\/span><\/span><\/p>\n<p align=\"LEFT\"><span style=\"font-family: Arial, sans-serif;\"><span style=\"font-size: small;\"><span style=\"color: #000000;\">Sie haben das Recht, Ihre datenschutzrechtliche Einwilligungserkl\u00e4rung jederzeit zu widerrufen. Durch den Widerruf der Einwilligung wird die Rechtm\u00e4\u00dfigkeit der aufgrund der Einwilligung bis zum Widerruf erfolgten Verarbeitung nicht ber\u00fchrt.<\/span><\/span><\/span><\/p>\n<p align=\"LEFT\"><span style=\"font-family: Arial, sans-serif;\"><span style=\"font-size: small;\"><span style=\"color: #000000;\">Recht auf Beschwerde bei einer Aufsichtsbeh\u00f6rde<\/span><\/span><\/span><\/p>\n<p align=\"LEFT\"><span style=\"color: #000000;\"><span style=\"font-family: Arial, sans-serif;\"><span style=\"font-size: small;\">Unbeschadet eines anderweitigen verwaltungsrechtlichen oder gerichtlichen Rechtsbehelfs steht Ihnen das Recht auf Beschwerde bei einer Aufsichtsbeh\u00f6rde, insbesondere in dem Mitgliedstaat ihres Aufenthaltsorts, ihres Arbeitsplatzes oder des Orts des mutma\u00dflichen Versto\u00dfes, zu, wenn Sie der Ansicht sind, dass die Verarbeitung der Sie betreffenden personenbezogenen Daten gegen die DSGVO verst\u00f6\u00dft. <\/span><\/span><\/span><\/p>\n<p align=\"LEFT\"><span style=\"color: #000000;\"><span style=\"font-family: Arial, sans-serif;\"><span style=\"font-size: small;\">Die Aufsichtsbeh\u00f6rde, bei der die Beschwerde eingereicht wurde, unterrichtet den Beschwerdef\u00fchrer \u00fcber den Stand und die Ergebnisse der Beschwerde einschlie\u00dflich der M\u00f6glichkeit eines gerichtlichen Rechtsbehelfs nach Art.\u00a078 DSGVO.<\/span><\/span><\/span><\/p>\n<p><span style=\"font-family: Arial, sans-serif;\">\u00a0<\/span><\/p>\n<p><span style=\"color: #000000;\"><span style=\"font-family: Arial;\"><span style=\"font-size: small;\"><span style=\"font-size: medium;\"><b>\u00a0<\/b><\/span><\/span><\/span><\/span><\/p>\n<p><span style=\"color: #000000;\"><span style=\"font-family: Arial;\"><span style=\"font-size: small;\">\u00a0<\/span><\/span><\/span><\/p>\n<h4><span style=\"font-family: Arial, sans-serif;\">\u00a0<\/span><\/h4>\n<h3 class=\"western\"><span style=\"font-family: Arial, sans-serif;\">\u00a0<\/span><\/h3>\n<div id=\"panel\" dir=\"LTR\">\n<h6><\/h6>\n<h6><span style=\"font-family: Arial, sans-serif;\"><span style=\"font-size: medium;\">\u00a0<\/span><\/span><\/h6>\n<\/div>\n<h5><span style=\"color: #000000;\"><span style=\"font-family: Arial;\"><span style=\"font-size: small;\">\u00a0<\/span><\/span><\/span><\/h5>\n<h5><span style=\"color: #000000;\"><span style=\"font-family: Arial;\"><span style=\"font-size: small;\">\u00a0<\/span><\/span><\/span><\/h5>\n","protected":false},"excerpt":{"rendered":"<p>Impressum: Hautarztpraxis Allmendinger Dres. med. Simone und Michael Allmendinger Ab 1.4.2021: Ebershaldenstr. 7 73728 Esslingen TEL. 0711\/35 60 84 Fax: 0711-354552 Bitte beachten Sie, dass wir keine Termine per E-Mail oder Fax vergeben k\u00f6nnen. Vielen Dank f\u00fcr Ihr Verst\u00e4ndnis. Bitte beachten Sie auch unsere jeweiligen Fortbildungs- und Urlaubszeiten unter dem Feld Aktuelles. An diesen Tagen\u00a0bleibt [&hellip;]<\/p>\n","protected":false},"author":1,"featured_media":0,"parent":0,"menu_order":0,"comment_status":"open","ping_status":"open","template":"","meta":{"footnotes":""},"_links":{"self":[{"href":"https:\/\/hautarzt-allmendinger.de\/index.php?rest_route=\/wp\/v2\/pages\/29"}],"collection":[{"href":"https:\/\/hautarzt-allmendinger.de\/index.php?rest_route=\/wp\/v2\/pages"}],"about":[{"href":"https:\/\/hautarzt-allmendinger.de\/index.php?rest_route=\/wp\/v2\/types\/page"}],"author":[{"embeddable":true,"href":"https:\/\/hautarzt-allmendinger.de\/index.php?rest_route=\/wp\/v2\/users\/1"}],"replies":[{"embeddable":true,"href":"https:\/\/hautarzt-allmendinger.de\/index.php?rest_route=%2Fwp%2Fv2%2Fcomments&post=29"}],"version-history":[{"count":31,"href":"https:\/\/hautarzt-allmendinger.de\/index.php?rest_route=\/wp\/v2\/pages\/29\/revisions"}],"predecessor-version":[{"id":766,"href":"https:\/\/hautarzt-allmendinger.de\/index.php?rest_route=\/wp\/v2\/pages\/29\/revisions\/766"}],"wp:attachment":[{"href":"https:\/\/hautarzt-allmendinger.de\/index.php?rest_route=%2Fwp%2Fv2%2Fmedia&parent=29"}],"curies":[{"name":"wp","href":"https:\/\/api.w.org\/{rel}","templated":true}]}}